{"id":484,"date":"2022-10-31T17:33:33","date_gmt":"2022-10-31T17:33:33","guid":{"rendered":"https:\/\/www.aligapilates.com\/?page_id=484"},"modified":"2025-10-20T23:00:38","modified_gmt":"2025-10-20T23:00:38","slug":"nuestro-equipo","status":"publish","type":"page","link":"https:\/\/www.aligapilates.com\/cat\/nuestro-equipo\/","title":{"rendered":""},"content":{"rendered":"<div class=\"wp-block-group alignfull has-background\" style=\"background-color:#eaefe6\"><div class=\"wp-block-group__inner-container is-layout-flow wp-block-group-is-layout-flow\">\n<div class=\"wp-block-columns alignwide is-layout-flex wp-container-core-columns-is-layout-9d6595d7 wp-block-columns-is-layout-flex\">\n<div class=\"wp-block-column is-layout-flow wp-block-column-is-layout-flow\">\n<div style=\"height:100px\" aria-hidden=\"true\" class=\"wp-block-spacer\"><\/div>\n\n\n\n<p class=\"has-text-color\" style=\"color:#000000;font-size:25px\"><strong><strong><strong>El nostre equip<\/strong><\/strong><\/strong><\/p>\n<\/div>\n<\/div>\n\n\n\n<h4 class=\"wp-block-heading\">Albert Ausell\u00e9<\/h4>\n\n\n\n<div class=\"wp-block-media-text is-stacked-on-mobile is-vertically-aligned-bottom\"><figure class=\"wp-block-media-text__media\"><img fetchpriority=\"high\" decoding=\"async\" width=\"1024\" height=\"683\" src=\"https:\/\/www.aligapilates.com\/wp-content\/uploads\/2025\/10\/AligaPilates_Albert-1024x683.jpg\" alt=\"\" class=\"wp-image-1290 size-full\" srcset=\"https:\/\/www.aligapilates.com\/wp-content\/uploads\/2025\/10\/AligaPilates_Albert-1024x683.jpg 1024w, https:\/\/www.aligapilates.com\/wp-content\/uploads\/2025\/10\/AligaPilates_Albert-300x200.jpg 300w, https:\/\/www.aligapilates.com\/wp-content\/uploads\/2025\/10\/AligaPilates_Albert-768x512.jpg 768w, https:\/\/www.aligapilates.com\/wp-content\/uploads\/2025\/10\/AligaPilates_Albert-1536x1025.jpg 1536w, https:\/\/www.aligapilates.com\/wp-content\/uploads\/2025\/10\/AligaPilates_Albert-2048x1366.jpg 2048w, https:\/\/www.aligapilates.com\/wp-content\/uploads\/2025\/10\/AligaPilates_Albert-18x12.jpg 18w, https:\/\/www.aligapilates.com\/wp-content\/uploads\/2025\/10\/AligaPilates_Albert-2000x1334.jpg 2000w, https:\/\/www.aligapilates.com\/wp-content\/uploads\/2025\/10\/AligaPilates_Albert-600x400.jpg 600w, https:\/\/www.aligapilates.com\/wp-content\/uploads\/2025\/10\/AligaPilates_Albert-1200x800.jpg 1200w\" sizes=\"(max-width: 1024px) 100vw, 1024px\" \/><\/figure><div class=\"wp-block-media-text__content\">\n<p>L\u2019Albert \u00e9s copropietari d\u2019\u00c0ligaPilates des del 2025. \u00c9s actor i professional del moviment format a l\u2019Institut del Teatre de Barcelona, amb una \u00e0mplia traject\u00f2ria en teatre, cinema i televisi\u00f3. La seva feina en la interpretaci\u00f3 cl\u00e0ssica i contempor\u00e0nia va aprofundir el seu inter\u00e8s pel cos com a instrument i mitj\u00e0 d\u2019expressi\u00f3. A \u00c0ligaPilates, l\u2019Albert aporta aquesta mateixa consci\u00e8ncia a cada classe, combinant la precisi\u00f3 t\u00e8cnica amb la sensibilitat pel ritme i l\u2019equilibri. El seu enfocament pedag\u00f2gic ajuda els alumnes a connectar l\u2019alineaci\u00f3 f\u00edsica amb la flu\u00efdesa creativa i la confian\u00e7a en el moviment.<\/p>\n<\/div><\/div>\n\n\n\n<hr class=\"wp-block-separator has-alpha-channel-opacity is-style-wide\"\/>\n\n\n\n<h4 class=\"wp-block-heading has-text-align-right\"><strong>Trevor Clarke Carlson<\/strong><\/h4>\n\n\n\n<div class=\"wp-block-media-text has-media-on-the-right is-stacked-on-mobile\"><div class=\"wp-block-media-text__content\">\n<p>Fundador i copropietari d\u2019\u00c0ligaPilates des del 2021, en Trevor va estudiar dansa a The Juilliard School de Nova York i ha treballat durant m\u00e9s de tres d\u00e8cades en les arts esc\u00e8niques al costat de figures com Merce Cunningham, Mikhail Baryshnikov i Robert Rauschenberg. La seva dedicaci\u00f3 de tota una vida al moviment, a l\u2019art i a la cura del cos el va portar de manera natural al Pilates. En Trevor aporta una comprensi\u00f3 profunda de la biomec\u00e0nica, la precisi\u00f3 i la sensibilitat art\u00edstica a la seva ensenyan\u00e7a. Les seves classes destaquen per la claredat, la consci\u00e8ncia i la connexi\u00f3 entre el cos, la respiraci\u00f3 i el prop\u00f2sit.<\/p>\n<\/div><figure class=\"wp-block-media-text__media\"><img decoding=\"async\" width=\"1024\" height=\"683\" src=\"https:\/\/www.aligapilates.com\/wp-content\/uploads\/2025\/10\/AligaPilates_Trevor1-1024x683.jpg\" alt=\"\" class=\"wp-image-1302 size-full\" srcset=\"https:\/\/www.aligapilates.com\/wp-content\/uploads\/2025\/10\/AligaPilates_Trevor1-1024x683.jpg 1024w, https:\/\/www.aligapilates.com\/wp-content\/uploads\/2025\/10\/AligaPilates_Trevor1-300x200.jpg 300w, https:\/\/www.aligapilates.com\/wp-content\/uploads\/2025\/10\/AligaPilates_Trevor1-768x512.jpg 768w, https:\/\/www.aligapilates.com\/wp-content\/uploads\/2025\/10\/AligaPilates_Trevor1-1536x1025.jpg 1536w, https:\/\/www.aligapilates.com\/wp-content\/uploads\/2025\/10\/AligaPilates_Trevor1-2048x1366.jpg 2048w, https:\/\/www.aligapilates.com\/wp-content\/uploads\/2025\/10\/AligaPilates_Trevor1-18x12.jpg 18w, https:\/\/www.aligapilates.com\/wp-content\/uploads\/2025\/10\/AligaPilates_Trevor1-2000x1334.jpg 2000w\" sizes=\"(max-width: 1024px) 100vw, 1024px\" \/><\/figure><\/div>\n\n\n\n<hr class=\"wp-block-separator has-alpha-channel-opacity is-style-wide\"\/>\n\n\n\n<h4 class=\"wp-block-heading\"><strong><strong>Ferran Carvajal<\/strong><\/strong><\/h4>\n\n\n\n<div class=\"wp-block-media-text is-stacked-on-mobile\"><figure class=\"wp-block-media-text__media\"><img decoding=\"async\" width=\"1024\" height=\"707\" src=\"https:\/\/www.aligapilates.com\/wp-content\/uploads\/2025\/10\/AligaPilates_Feran2-1024x707.jpg\" alt=\"\" class=\"wp-image-1303 size-full\" srcset=\"https:\/\/www.aligapilates.com\/wp-content\/uploads\/2025\/10\/AligaPilates_Feran2-1024x707.jpg 1024w, https:\/\/www.aligapilates.com\/wp-content\/uploads\/2025\/10\/AligaPilates_Feran2-300x207.jpg 300w, https:\/\/www.aligapilates.com\/wp-content\/uploads\/2025\/10\/AligaPilates_Feran2-768x530.jpg 768w, https:\/\/www.aligapilates.com\/wp-content\/uploads\/2025\/10\/AligaPilates_Feran2-1536x1061.jpg 1536w, https:\/\/www.aligapilates.com\/wp-content\/uploads\/2025\/10\/AligaPilates_Feran2-2048x1414.jpg 2048w, https:\/\/www.aligapilates.com\/wp-content\/uploads\/2025\/10\/AligaPilates_Feran2-18x12.jpg 18w, https:\/\/www.aligapilates.com\/wp-content\/uploads\/2025\/10\/AligaPilates_Feran2-2000x1381.jpg 2000w, https:\/\/www.aligapilates.com\/wp-content\/uploads\/2025\/10\/AligaPilates_Feran2-600x414.jpg 600w, https:\/\/www.aligapilates.com\/wp-content\/uploads\/2025\/10\/AligaPilates_Feran2-1200x829.jpg 1200w\" sizes=\"(max-width: 1024px) 100vw, 1024px\" \/><\/figure><div class=\"wp-block-media-text__content\">\n<p>En Ferran \u00e9s copropietari d\u2019\u00c0ligaPilates des del 2025. \u00c9s un artista multidisciplinari, director i core\u00f2graf amb una llarga traject\u00f2ria en teatre, dansa i \u00f2pera, col\u00b7laborant amb institucions com el Teatro Real, el Mercat de les Flors i el Barbican Theatre. El seu cam\u00ed cap al Pilates va n\u00e9ixer del desig d\u2019explorar el cos com un espai de claredat, for\u00e7a i consci\u00e8ncia. A \u00c0ligaPilates, en Ferran integra la seva sensibilitat art\u00edstica i la seva comprensi\u00f3 del moviment en una pr\u00e0ctica precisa i reflexiva. Les seves classes conviden a descobrir la intel\u00b7lig\u00e8ncia i l\u2019eleg\u00e0ncia a trav\u00e9s de l\u2019estructura i el control.<\/p>\n<\/div><\/div>\n\n\n\n<hr class=\"wp-block-separator has-alpha-channel-opacity is-style-wide\"\/>\n\n\n\n<h4 class=\"wp-block-heading has-text-align-right\"><strong><strong><strong>\u00d2scar Vidal<\/strong><\/strong><\/strong><\/h4>\n\n\n\n<div class=\"wp-block-media-text has-media-on-the-right is-stacked-on-mobile\"><div class=\"wp-block-media-text__content\">\n<p>L\u2019\u00d2scar \u00e9s copropietari d\u2019\u00c0ligaPilates des del 2025 i entrenador personal i instructor des del 1995, especialitzat en for\u00e7a, rendiment i rehabilitaci\u00f3. El seu primer contacte amb el Pilates va ser el 1997 amb la Inelia Garc\u00eda, i m\u00e9s endavant va estudiar amb en Javier P\u00e9rez i en Fabien Menegon, desenvolupant un profund respecte per la precisi\u00f3 i el potencial transformador d\u2019aquesta disciplina. A \u00c0ligaPilates, l\u2019\u00d2scar aporta claredat t\u00e8cnica, energia i un enfocament anal\u00edtic del cos. Les seves classes combinen el rigor atl\u00e8tic amb una atenci\u00f3 personalitzada a les necessitats de cada alumne.<\/p>\n<\/div><figure class=\"wp-block-media-text__media\"><img loading=\"lazy\" decoding=\"async\" width=\"1024\" height=\"683\" src=\"https:\/\/www.aligapilates.com\/wp-content\/uploads\/2025\/10\/AligaPilates_Oscar-1024x683.jpg\" alt=\"\" class=\"wp-image-1304 size-full\" srcset=\"https:\/\/www.aligapilates.com\/wp-content\/uploads\/2025\/10\/AligaPilates_Oscar-1024x683.jpg 1024w, https:\/\/www.aligapilates.com\/wp-content\/uploads\/2025\/10\/AligaPilates_Oscar-300x200.jpg 300w, https:\/\/www.aligapilates.com\/wp-content\/uploads\/2025\/10\/AligaPilates_Oscar-768x512.jpg 768w, https:\/\/www.aligapilates.com\/wp-content\/uploads\/2025\/10\/AligaPilates_Oscar-1536x1024.jpg 1536w, https:\/\/www.aligapilates.com\/wp-content\/uploads\/2025\/10\/AligaPilates_Oscar-2048x1365.jpg 2048w, https:\/\/www.aligapilates.com\/wp-content\/uploads\/2025\/10\/AligaPilates_Oscar-18x12.jpg 18w, https:\/\/www.aligapilates.com\/wp-content\/uploads\/2025\/10\/AligaPilates_Oscar-2000x1333.jpg 2000w, https:\/\/www.aligapilates.com\/wp-content\/uploads\/2025\/10\/AligaPilates_Oscar-600x400.jpg 600w, https:\/\/www.aligapilates.com\/wp-content\/uploads\/2025\/10\/AligaPilates_Oscar-1200x800.jpg 1200w\" sizes=\"(max-width: 1024px) 100vw, 1024px\" \/><\/figure><\/div>\n\n\n\n<hr class=\"wp-block-separator has-alpha-channel-opacity is-style-wide\"\/>\n\n\n\n<h4 class=\"wp-block-heading has-text-align-left\"><strong><strong><strong><strong>Miren Jal\u00f3n<\/strong><\/strong><\/strong><\/strong><\/h4>\n\n\n\n<div class=\"wp-block-media-text is-stacked-on-mobile\"><figure class=\"wp-block-media-text__media\"><img loading=\"lazy\" decoding=\"async\" width=\"1024\" height=\"683\" src=\"https:\/\/www.aligapilates.com\/wp-content\/uploads\/2025\/10\/AligaPilates_Miren2-1024x683.jpg\" alt=\"\" class=\"wp-image-1305 size-full\" srcset=\"https:\/\/www.aligapilates.com\/wp-content\/uploads\/2025\/10\/AligaPilates_Miren2-1024x683.jpg 1024w, https:\/\/www.aligapilates.com\/wp-content\/uploads\/2025\/10\/AligaPilates_Miren2-300x200.jpg 300w, https:\/\/www.aligapilates.com\/wp-content\/uploads\/2025\/10\/AligaPilates_Miren2-768x512.jpg 768w, https:\/\/www.aligapilates.com\/wp-content\/uploads\/2025\/10\/AligaPilates_Miren2-1536x1025.jpg 1536w, https:\/\/www.aligapilates.com\/wp-content\/uploads\/2025\/10\/AligaPilates_Miren2-2048x1366.jpg 2048w, https:\/\/www.aligapilates.com\/wp-content\/uploads\/2025\/10\/AligaPilates_Miren2-18x12.jpg 18w, https:\/\/www.aligapilates.com\/wp-content\/uploads\/2025\/10\/AligaPilates_Miren2-2000x1334.jpg 2000w, https:\/\/www.aligapilates.com\/wp-content\/uploads\/2025\/10\/AligaPilates_Miren2-600x400.jpg 600w, https:\/\/www.aligapilates.com\/wp-content\/uploads\/2025\/10\/AligaPilates_Miren2-1200x800.jpg 1200w\" sizes=\"(max-width: 1024px) 100vw, 1024px\" \/><\/figure><div class=\"wp-block-media-text__content\">\n<p>La Miren es va graduar en dansa cl\u00e0ssica a la Royal Academy of London i m\u00e9s endavant es va traslladar a Barcelona per formar-se en dansa moderna a l\u2019escola de M\u00e1ximo Hita. Va viatjar al Senegal per aprendre dansa africana i tamb\u00e9 va explorar altres disciplines art\u00edstiques com l\u2019acrob\u00e0cia, el trapezi i la dansa vertical. La seva formaci\u00f3 teatral es va centrar en l\u2019expressi\u00f3 corporal i la col\u00b7locaci\u00f3 postural, ampliant aix\u00ed la seva experi\u00e8ncia com a artista del moviment. A Rishikesh, \u00cdndia, va completar els seus estudis com a professora de Ioga Hatha i Ashtanga. Tamb\u00e9 ha treballat com a actriu i especialista d\u2019acci\u00f3 en cinema i televisi\u00f3. La Miren va estudiar Pilates a EEDAP, integrant la seva \u00e0mplia experi\u00e8ncia en moviment i expressi\u00f3 a la seva ensenyan\u00e7a.<\/p>\n<\/div><\/div>\n\n\n\n<hr class=\"wp-block-separator has-alpha-channel-opacity is-style-wide\"\/>\n\n\n\n<h4 class=\"wp-block-heading has-text-align-right\"><strong><strong><strong><strong><strong>Julia Jou<\/strong><\/strong><\/strong><\/strong><\/strong><\/h4>\n\n\n\n<div class=\"wp-block-media-text has-media-on-the-right is-stacked-on-mobile\"><div class=\"wp-block-media-text__content\">\n<p>La Julia va comen\u00e7ar la seva carrera com a dissenyadora gr\u00e0fica, per\u00f2 la seva curiositat pel moviment com a eina expressiva i terap\u00e8utica la va portar al Pilates. Durant la pand\u00e8mia va descobrir com de adaptable i restaurador pot ser el moviment conscient, tant f\u00edsica com emocionalment. Apassionada de l\u2019escalada, troba a la muntanya la mateixa concentraci\u00f3 i pres\u00e8ncia que transmet a les seves classes. A \u00c0ligaPilates, la Julia ensenya amb paci\u00e8ncia i empatia, animant els alumnes a moure\u2019s amb consci\u00e8ncia i equilibri. Les seves classes se centren en l\u2019harmonia, el creixement personal i la serenitat que sorgeix de la pr\u00e0ctica constant.<\/p>\n<\/div><figure class=\"wp-block-media-text__media\"><img loading=\"lazy\" decoding=\"async\" width=\"1024\" height=\"683\" src=\"https:\/\/www.aligapilates.com\/wp-content\/uploads\/2025\/10\/AligaPilates_Julia2-1024x683.jpg\" alt=\"\" class=\"wp-image-1306 size-full\" srcset=\"https:\/\/www.aligapilates.com\/wp-content\/uploads\/2025\/10\/AligaPilates_Julia2-1024x683.jpg 1024w, https:\/\/www.aligapilates.com\/wp-content\/uploads\/2025\/10\/AligaPilates_Julia2-300x200.jpg 300w, https:\/\/www.aligapilates.com\/wp-content\/uploads\/2025\/10\/AligaPilates_Julia2-768x512.jpg 768w, https:\/\/www.aligapilates.com\/wp-content\/uploads\/2025\/10\/AligaPilates_Julia2-1536x1025.jpg 1536w, https:\/\/www.aligapilates.com\/wp-content\/uploads\/2025\/10\/AligaPilates_Julia2-2048x1366.jpg 2048w, https:\/\/www.aligapilates.com\/wp-content\/uploads\/2025\/10\/AligaPilates_Julia2-18x12.jpg 18w, https:\/\/www.aligapilates.com\/wp-content\/uploads\/2025\/10\/AligaPilates_Julia2-2000x1334.jpg 2000w, https:\/\/www.aligapilates.com\/wp-content\/uploads\/2025\/10\/AligaPilates_Julia2-600x400.jpg 600w, https:\/\/www.aligapilates.com\/wp-content\/uploads\/2025\/10\/AligaPilates_Julia2-1200x800.jpg 1200w\" sizes=\"(max-width: 1024px) 100vw, 1024px\" \/><\/figure><\/div>\n\n\n\n<hr class=\"wp-block-separator has-alpha-channel-opacity is-style-wide\"\/>\n\n\n\n<h4 class=\"wp-block-heading has-text-align-left\"><strong><strong><strong><strong><strong><strong>Manel Landete<\/strong><\/strong><\/strong><\/strong><\/strong><\/strong><\/h4>\n\n\n\n<div class=\"wp-block-media-text is-stacked-on-mobile is-image-fill-element\"><figure class=\"wp-block-media-text__media\"><img loading=\"lazy\" decoding=\"async\" width=\"768\" height=\"1024\" src=\"https:\/\/www.aligapilates.com\/wp-content\/uploads\/2025\/10\/IMG_2513-768x1024.jpg\" alt=\"\" class=\"wp-image-1307 size-full\" style=\"object-position:50% 50%\" srcset=\"https:\/\/www.aligapilates.com\/wp-content\/uploads\/2025\/10\/IMG_2513-768x1024.jpg 768w, https:\/\/www.aligapilates.com\/wp-content\/uploads\/2025\/10\/IMG_2513-225x300.jpg 225w, https:\/\/www.aligapilates.com\/wp-content\/uploads\/2025\/10\/IMG_2513-1152x1536.jpg 1152w, https:\/\/www.aligapilates.com\/wp-content\/uploads\/2025\/10\/IMG_2513-1536x2048.jpg 1536w, https:\/\/www.aligapilates.com\/wp-content\/uploads\/2025\/10\/IMG_2513-9x12.jpg 9w, https:\/\/www.aligapilates.com\/wp-content\/uploads\/2025\/10\/IMG_2513-2000x2667.jpg 2000w, https:\/\/www.aligapilates.com\/wp-content\/uploads\/2025\/10\/IMG_2513-600x800.jpg 600w, https:\/\/www.aligapilates.com\/wp-content\/uploads\/2025\/10\/IMG_2513-1200x1600.jpg 1200w, https:\/\/www.aligapilates.com\/wp-content\/uploads\/2025\/10\/IMG_2513-scaled.jpg 1920w\" sizes=\"(max-width: 768px) 100vw, 768px\" \/><\/figure><div class=\"wp-block-media-text__content\">\n<p>En Manel s\u2019acosta al Pilates des d\u2019una perspectiva \u00fanica: la d\u2019un arquitecte. Cofundador d\u2019\u00c0ligaPilates, va estudiar amb en Fabien Menegon i, a m\u00e9s, \u00e9s el dissenyador del propi estudi. La seva ensenyan\u00e7a reflecteix el mateix sentit de proporci\u00f3, estructura i atenci\u00f3 al detall que caracteritza el seu treball com a arquitecte. Combinant ambdues professions, en Manel ofereix un enfocament tranquil i meticul\u00f3s que ajuda els alumnes a entendre el moviment com un disseny en acci\u00f3 \u2014 equilibrat, funcional i elegant.<\/p>\n<\/div><\/div>\n\n\n\n<hr class=\"wp-block-separator has-alpha-channel-opacity is-style-wide\"\/>\n\n\n\n<h4 class=\"wp-block-heading has-text-align-left\"><strong><strong><strong><strong><strong><strong><strong>Jordi Rebollar<\/strong><\/strong><\/strong><\/strong><\/strong><\/strong><\/strong><\/h4>\n\n\n\n<div class=\"wp-block-media-text has-media-on-the-right is-stacked-on-mobile\"><div class=\"wp-block-media-text__content\">\n<p>La traject\u00f2ria professional d\u2019en Jordi est\u00e0 arrelada en l\u2019esport de competici\u00f3 i l\u2019entrenament f\u00edsic, on la disciplina i la const\u00e0ncia sempre han estat fonamentals. Una lesi\u00f3 el va portar a descobrir el Pilates i la seva capacitat per restablir l\u2019alineaci\u00f3, la for\u00e7a i l\u2019equilibri. Aquesta experi\u00e8ncia el va inspirar a formar-se com a instructor tant de Pilates com de fitness, integrant ambdues disciplines en una comprensi\u00f3 global del moviment. Les seves classes destaquen pel control conscient, l\u2019estabilitat del centre i la for\u00e7a interior.<\/p>\n<\/div><figure class=\"wp-block-media-text__media\"><img loading=\"lazy\" decoding=\"async\" width=\"1024\" height=\"683\" src=\"https:\/\/www.aligapilates.com\/wp-content\/uploads\/2025\/10\/AligaPilates_Jordi-1024x683.jpg\" alt=\"\" class=\"wp-image-1308 size-full\" srcset=\"https:\/\/www.aligapilates.com\/wp-content\/uploads\/2025\/10\/AligaPilates_Jordi-1024x683.jpg 1024w, https:\/\/www.aligapilates.com\/wp-content\/uploads\/2025\/10\/AligaPilates_Jordi-300x200.jpg 300w, https:\/\/www.aligapilates.com\/wp-content\/uploads\/2025\/10\/AligaPilates_Jordi-768x512.jpg 768w, https:\/\/www.aligapilates.com\/wp-content\/uploads\/2025\/10\/AligaPilates_Jordi-1536x1025.jpg 1536w, https:\/\/www.aligapilates.com\/wp-content\/uploads\/2025\/10\/AligaPilates_Jordi-2048x1366.jpg 2048w, https:\/\/www.aligapilates.com\/wp-content\/uploads\/2025\/10\/AligaPilates_Jordi-18x12.jpg 18w, https:\/\/www.aligapilates.com\/wp-content\/uploads\/2025\/10\/AligaPilates_Jordi-2000x1334.jpg 2000w, https:\/\/www.aligapilates.com\/wp-content\/uploads\/2025\/10\/AligaPilates_Jordi-600x400.jpg 600w, https:\/\/www.aligapilates.com\/wp-content\/uploads\/2025\/10\/AligaPilates_Jordi-1200x800.jpg 1200w\" sizes=\"(max-width: 1024px) 100vw, 1024px\" \/><\/figure><\/div>\n\n\n\n<div style=\"height:100px\" aria-hidden=\"true\" class=\"wp-block-spacer is-style-wide\"><\/div>\n\n\n\n<div class=\"wp-block-group alignwide\"><div class=\"wp-block-group__inner-container is-layout-flow wp-block-group-is-layout-flow\">\n<p class=\"has-text-align-center\">Tots els professors d\u2019\u00c0ligaPilates estan certificats a trav\u00e9s de la <strong>Escuela Espa\u00f1ola de Aut\u00e9ntico Pilates (EEDAP)<\/strong>, havent completat m\u00e9s de <strong>600 hores de formaci\u00f3, observaci\u00f3 i pr\u00e0ctica supervisada<\/strong>.<br>Aquesta preparaci\u00f3 rigorosa garanteix una base comuna de <strong>precisi\u00f3, integritat i cura<\/strong> en cada classe que impartim.<\/p>\n\n\n\n<div class=\"wp-block-columns alignwide is-layout-flex wp-container-core-columns-is-layout-9d6595d7 wp-block-columns-is-layout-flex\">\n<div class=\"wp-block-column is-layout-flow wp-block-column-is-layout-flow\" style=\"flex-basis:33.38%\">\n<div style=\"height:39px\" aria-hidden=\"true\" class=\"wp-block-spacer\"><\/div>\n<\/div>\n<\/div>\n<\/div><\/div>\n\n\n\n<div style=\"height:35px\" aria-hidden=\"true\" class=\"wp-block-spacer\"><\/div>\n<\/div><\/div>\n\n\n\n<p><\/p>","protected":false},"excerpt":{"rendered":"<p>Nuestro Equipo Albert Ausell\u00e9 Albert es copropietario de \u00c0ligaPilates desde 2025, actor y profesional del movimiento formado en el Institut del Teatre de Barcelona, con una amplia trayectoria en teatro, cine y televisi\u00f3n. Su trabajo en la interpretaci\u00f3n cl\u00e1sica y contempor\u00e1nea profundiz\u00f3 su inter\u00e9s por el cuerpo como instrumento y medio de expresi\u00f3n. En \u00c0ligaPilates, &hellip; <\/p>\n<p class=\"link-more\"><a href=\"https:\/\/www.aligapilates.com\/cat\/nuestro-equipo\/\" class=\"more-link\">Read more<span class=\"screen-reader-text\"> \u00ab\u00bb<\/span><\/a><\/p>","protected":false},"author":1,"featured_media":0,"parent":0,"menu_order":0,"comment_status":"closed","ping_status":"closed","template":"","meta":{"footnotes":""},"class_list":["post-484","page","type-page","status-publish","hentry"],"yoast_head":"<!-- This site is optimized with the Yoast SEO plugin v26.1.1 - https:\/\/yoast.com\/wordpress\/plugins\/seo\/ -->\n<title>- AligaPilates<\/title>\n<meta name=\"robots\" content=\"index, follow, max-snippet:-1, max-image-preview:large, max-video-preview:-1\" \/>\n<link rel=\"canonical\" href=\"https:\/\/www.aligapilates.com\/cat\/nuestro-equipo\/\" \/>\n<meta property=\"og:locale\" content=\"ca_ES\" \/>\n<meta property=\"og:type\" content=\"article\" \/>\n<meta property=\"og:title\" content=\"- AligaPilates\" \/>\n<meta property=\"og:description\" content=\"Nuestro Equipo Albert Ausell\u00e9 Albert es copropietario de \u00c0ligaPilates desde 2025, actor y profesional del movimiento formado en el Institut del Teatre de Barcelona, con una amplia trayectoria en teatro, cine y televisi\u00f3n. Su trabajo en la interpretaci\u00f3n cl\u00e1sica y contempor\u00e1nea profundiz\u00f3 su inter\u00e9s por el cuerpo como instrumento y medio de expresi\u00f3n. En \u00c0ligaPilates, &hellip; Read more &quot;&quot;\" \/>\n<meta property=\"og:url\" content=\"https:\/\/www.aligapilates.com\/cat\/nuestro-equipo\/\" \/>\n<meta property=\"og:site_name\" content=\"AligaPilates\" \/>\n<meta property=\"article:modified_time\" content=\"2025-10-20T23:00:38+00:00\" \/>\n<meta property=\"og:image\" content=\"https:\/\/www.aligapilates.com\/wp-content\/uploads\/2025\/10\/AligaPilates_Albert-scaled.jpg\" \/>\n\t<meta property=\"og:image:width\" content=\"2560\" \/>\n\t<meta property=\"og:image:height\" content=\"1708\" \/>\n\t<meta property=\"og:image:type\" content=\"image\/jpeg\" \/>\n<meta name=\"twitter:card\" content=\"summary_large_image\" \/>\n<meta name=\"twitter:label1\" content=\"Temps estimat de lectura\" \/>\n\t<meta name=\"twitter:data1\" content=\"6 minuts\" \/>\n<script type=\"application\/ld+json\" class=\"yoast-schema-graph\">{\"@context\":\"https:\/\/schema.org\",\"@graph\":[{\"@type\":\"WebPage\",\"@id\":\"https:\/\/www.aligapilates.com\/nuestro-equipo\/\",\"url\":\"https:\/\/www.aligapilates.com\/nuestro-equipo\/\",\"name\":\"- AligaPilates\",\"isPartOf\":{\"@id\":\"https:\/\/www.aligapilates.com\/#website\"},\"primaryImageOfPage\":{\"@id\":\"https:\/\/www.aligapilates.com\/nuestro-equipo\/#primaryimage\"},\"image\":{\"@id\":\"https:\/\/www.aligapilates.com\/nuestro-equipo\/#primaryimage\"},\"thumbnailUrl\":\"https:\/\/www.aligapilates.com\/wp-content\/uploads\/2025\/10\/AligaPilates_Albert-1024x683.jpg\",\"datePublished\":\"2022-10-31T17:33:33+00:00\",\"dateModified\":\"2025-10-20T23:00:38+00:00\",\"inLanguage\":\"ca\",\"potentialAction\":[{\"@type\":\"ReadAction\",\"target\":[\"https:\/\/www.aligapilates.com\/nuestro-equipo\/\"]}]},{\"@type\":\"ImageObject\",\"inLanguage\":\"ca\",\"@id\":\"https:\/\/www.aligapilates.com\/nuestro-equipo\/#primaryimage\",\"url\":\"https:\/\/www.aligapilates.com\/wp-content\/uploads\/2025\/10\/AligaPilates_Albert-1024x683.jpg\",\"contentUrl\":\"https:\/\/www.aligapilates.com\/wp-content\/uploads\/2025\/10\/AligaPilates_Albert-1024x683.jpg\"},{\"@type\":\"WebSite\",\"@id\":\"https:\/\/www.aligapilates.com\/#website\",\"url\":\"https:\/\/www.aligapilates.com\/\",\"name\":\"AligaPilates\",\"description\":\"\",\"publisher\":{\"@id\":\"https:\/\/www.aligapilates.com\/#organization\"},\"potentialAction\":[{\"@type\":\"SearchAction\",\"target\":{\"@type\":\"EntryPoint\",\"urlTemplate\":\"https:\/\/www.aligapilates.com\/?s={search_term_string}\"},\"query-input\":{\"@type\":\"PropertyValueSpecification\",\"valueRequired\":true,\"valueName\":\"search_term_string\"}}],\"inLanguage\":\"ca\"},{\"@type\":\"Organization\",\"@id\":\"https:\/\/www.aligapilates.com\/#organization\",\"name\":\"AligaPilates\",\"url\":\"https:\/\/www.aligapilates.com\/\",\"logo\":{\"@type\":\"ImageObject\",\"inLanguage\":\"ca\",\"@id\":\"https:\/\/www.aligapilates.com\/#\/schema\/logo\/image\/\",\"url\":\"https:\/\/www.aligapilates.com\/wp-content\/uploads\/2022\/10\/cropped-cropped-ALIGA-PILATES-_2-tons.png\",\"contentUrl\":\"https:\/\/www.aligapilates.com\/wp-content\/uploads\/2022\/10\/cropped-cropped-ALIGA-PILATES-_2-tons.png\",\"width\":1182,\"height\":275,\"caption\":\"AligaPilates\"},\"image\":{\"@id\":\"https:\/\/www.aligapilates.com\/#\/schema\/logo\/image\/\"},\"sameAs\":[\"https:\/\/www.instagram.com\/aligapilates\/\"]}]}<\/script>\n<!-- \/ Yoast SEO plugin. -->","yoast_head_json":{"title":"- AligaPilates","robots":{"index":"index","follow":"follow","max-snippet":"max-snippet:-1","max-image-preview":"max-image-preview:large","max-video-preview":"max-video-preview:-1"},"canonical":"https:\/\/www.aligapilates.com\/cat\/nuestro-equipo\/","og_locale":"ca_ES","og_type":"article","og_title":"- AligaPilates","og_description":"Nuestro Equipo Albert Ausell\u00e9 Albert es copropietario de \u00c0ligaPilates desde 2025, actor y profesional del movimiento formado en el Institut del Teatre de Barcelona, con una amplia trayectoria en teatro, cine y televisi\u00f3n. Su trabajo en la interpretaci\u00f3n cl\u00e1sica y contempor\u00e1nea profundiz\u00f3 su inter\u00e9s por el cuerpo como instrumento y medio de expresi\u00f3n. En \u00c0ligaPilates, &hellip; Read more \"\"","og_url":"https:\/\/www.aligapilates.com\/cat\/nuestro-equipo\/","og_site_name":"AligaPilates","article_modified_time":"2025-10-20T23:00:38+00:00","og_image":[{"width":2560,"height":1708,"url":"https:\/\/www.aligapilates.com\/wp-content\/uploads\/2025\/10\/AligaPilates_Albert-scaled.jpg","type":"image\/jpeg"}],"twitter_card":"summary_large_image","twitter_misc":{"Temps estimat de lectura":"6 minuts"},"schema":{"@context":"https:\/\/schema.org","@graph":[{"@type":"WebPage","@id":"https:\/\/www.aligapilates.com\/nuestro-equipo\/","url":"https:\/\/www.aligapilates.com\/nuestro-equipo\/","name":"- AligaPilates","isPartOf":{"@id":"https:\/\/www.aligapilates.com\/#website"},"primaryImageOfPage":{"@id":"https:\/\/www.aligapilates.com\/nuestro-equipo\/#primaryimage"},"image":{"@id":"https:\/\/www.aligapilates.com\/nuestro-equipo\/#primaryimage"},"thumbnailUrl":"https:\/\/www.aligapilates.com\/wp-content\/uploads\/2025\/10\/AligaPilates_Albert-1024x683.jpg","datePublished":"2022-10-31T17:33:33+00:00","dateModified":"2025-10-20T23:00:38+00:00","inLanguage":"ca","potentialAction":[{"@type":"ReadAction","target":["https:\/\/www.aligapilates.com\/nuestro-equipo\/"]}]},{"@type":"ImageObject","inLanguage":"ca","@id":"https:\/\/www.aligapilates.com\/nuestro-equipo\/#primaryimage","url":"https:\/\/www.aligapilates.com\/wp-content\/uploads\/2025\/10\/AligaPilates_Albert-1024x683.jpg","contentUrl":"https:\/\/www.aligapilates.com\/wp-content\/uploads\/2025\/10\/AligaPilates_Albert-1024x683.jpg"},{"@type":"WebSite","@id":"https:\/\/www.aligapilates.com\/#website","url":"https:\/\/www.aligapilates.com\/","name":"AligaPilates","description":"","publisher":{"@id":"https:\/\/www.aligapilates.com\/#organization"},"potentialAction":[{"@type":"SearchAction","target":{"@type":"EntryPoint","urlTemplate":"https:\/\/www.aligapilates.com\/?s={search_term_string}"},"query-input":{"@type":"PropertyValueSpecification","valueRequired":true,"valueName":"search_term_string"}}],"inLanguage":"ca"},{"@type":"Organization","@id":"https:\/\/www.aligapilates.com\/#organization","name":"AligaPilates","url":"https:\/\/www.aligapilates.com\/","logo":{"@type":"ImageObject","inLanguage":"ca","@id":"https:\/\/www.aligapilates.com\/#\/schema\/logo\/image\/","url":"https:\/\/www.aligapilates.com\/wp-content\/uploads\/2022\/10\/cropped-cropped-ALIGA-PILATES-_2-tons.png","contentUrl":"https:\/\/www.aligapilates.com\/wp-content\/uploads\/2022\/10\/cropped-cropped-ALIGA-PILATES-_2-tons.png","width":1182,"height":275,"caption":"AligaPilates"},"image":{"@id":"https:\/\/www.aligapilates.com\/#\/schema\/logo\/image\/"},"sameAs":["https:\/\/www.instagram.com\/aligapilates\/"]}]}},"featured_media_urls":[],"_links":{"self":[{"href":"https:\/\/www.aligapilates.com\/cat\/wp-json\/wp\/v2\/pages\/484","targetHints":{"allow":["GET"]}}],"collection":[{"href":"https:\/\/www.aligapilates.com\/cat\/wp-json\/wp\/v2\/pages"}],"about":[{"href":"https:\/\/www.aligapilates.com\/cat\/wp-json\/wp\/v2\/types\/page"}],"author":[{"embeddable":true,"href":"https:\/\/www.aligapilates.com\/cat\/wp-json\/wp\/v2\/users\/1"}],"replies":[{"embeddable":true,"href":"https:\/\/www.aligapilates.com\/cat\/wp-json\/wp\/v2\/comments?post=484"}],"version-history":[{"count":45,"href":"https:\/\/www.aligapilates.com\/cat\/wp-json\/wp\/v2\/pages\/484\/revisions"}],"predecessor-version":[{"id":1343,"href":"https:\/\/www.aligapilates.com\/cat\/wp-json\/wp\/v2\/pages\/484\/revisions\/1343"}],"wp:attachment":[{"href":"https:\/\/www.aligapilates.com\/cat\/wp-json\/wp\/v2\/media?parent=484"}],"curies":[{"name":"wp","href":"https:\/\/api.w.org\/{rel}","templated":true}]}}